{"id":14,"date":"2023-12-10T14:18:51","date_gmt":"2023-12-10T13:18:51","guid":{"rendered":"https:\/\/www.villabruna.net\/?page_id=14"},"modified":"2026-03-21T11:59:22","modified_gmt":"2026-03-21T10:59:22","slug":"home-page","status":"publish","type":"page","link":"https:\/\/www.velieri.net\/","title":{"rendered":"I Velieri Appartamenti"},"content":{"rendered":"\n<div class=\"wp-block-cover alignfull has-parallax has-light-gray-color has-text-color has-link-color wp-elements-1\" style=\"min-height:798px;aspect-ratio:unset;\"><div class=\"wp-block-cover__image-background wp-image-539 has-parallax\" style=\"background-position:50% 50%;background-image:url(https:\/\/www.velieri.net\/wp-content\/uploads\/2023\/12\/20230325_094201-scaled.jpg)\"><\/div><span aria-hidden=\"true\" class=\"wp-block-cover__background has-background-dim-30 has-background-dim\"><\/span><div class=\"wp-block-cover__inner-container is-layout-flow wp-block-cover-is-layout-flow\">\n<div style=\"height:85px\" aria-hidden=\"true\" class=\"wp-block-spacer\"><\/div>\n\n\n\n<h1 class=\"wp-block-heading alignwide has-text-align-center has-white-color has-text-color has-link-color wp-elements-2\" style=\"margin-top:0;margin-bottom:0;padding-bottom:0;padding-left:0;font-size:6rem;letter-spacing:6px\">I Velieri<\/h1>\n\n\n\n<h1 class=\"wp-block-heading alignwide has-text-align-center has-white-color has-text-color\" style=\"padding-left:0;font-size:3.4rem;letter-spacing:6px\">I tuoi appartamenti a Cesenatico<mark style=\"background-color:rgba(0, 0, 0, 0)\" class=\"has-inline-color has-dark-gray-color\"> <\/mark><\/h1>\n\n\n\n<p class=\"has-text-align-center has-nv-site-bg-color has-text-color wp-block-paragraph\" style=\"font-size:20px\">CASE VACANZE FRONTE MARE <\/p>\n\n\n\n<p class=\"has-text-align-center has-nv-site-bg-color has-text-color wp-block-paragraph\" style=\"font-size:20px\"><mark style=\"background-color:rgba(0, 0, 0, 0);color:#cf2e2e\" class=\"has-inline-color\">\u25ba<\/mark> DISPONIBILI DAL PRIMO DI SETTEMBRE AL 30 DI MAGGIO DI OGNI ANNO (NO ESTATE) <mark style=\"background-color:rgba(0, 0, 0, 0);color:#cf2e2e\" class=\"has-inline-color\">\u25c4<\/mark><\/p>\n\n\n\n<div style=\"height:14px\" aria-hidden=\"true\" class=\"wp-block-spacer\"><\/div>\n\n\n\n<figure class=\"wp-block-image aligncenter size-full is-resized\"><img loading=\"lazy\" decoding=\"async\" width=\"642\" height=\"734\" src=\"https:\/\/www.velieri.net\/wp-content\/uploads\/2024\/01\/Logo.png\" alt=\"\" class=\"wp-image-661\" style=\"width:114px;height:auto\" srcset=\"https:\/\/www.velieri.net\/wp-content\/uploads\/2024\/01\/Logo.png 642w, https:\/\/www.velieri.net\/wp-content\/uploads\/2024\/01\/Logo-262x300.png 262w\" sizes=\"auto, (max-width: 642px) 100vw, 642px\" \/><\/figure>\n\n\n\n<div style=\"height:14px\" aria-hidden=\"true\" class=\"wp-block-spacer\"><\/div>\n\n\n\n<p class=\"has-text-align-center wp-block-paragraph\">Per info e prenotazioni: tel. +39 392 1389034<\/p>\n\n\n\n<p class=\"has-text-align-center wp-block-paragraph\">email: info@villabruna.net<\/p>\n\n\n\n<div style=\"height:40px\" aria-hidden=\"true\" class=\"wp-block-spacer\"><\/div>\n<\/div><\/div>\n\n\n\n<div style=\"height:43px\" aria-hidden=\"true\" class=\"wp-block-spacer\"><\/div>\n\n\n\n<figure class=\"wp-block-image aligncenter size-full is-resized\"><img loading=\"lazy\" decoding=\"async\" width=\"897\" height=\"138\" src=\"https:\/\/www.velieri.net\/wp-content\/uploads\/2024\/01\/SEPTRANS.gif\" alt=\"\" class=\"wp-image-689\" style=\"width:410px;height:auto\"\/><\/figure>\n\n\n\n<div style=\"height:43px\" aria-hidden=\"true\" class=\"wp-block-spacer\"><\/div>\n\n\n\n<div class=\"wp-block-group is-layout-constrained wp-block-group-is-layout-constrained\">\n<p class=\"has-text-align-center wp-block-paragraph\" style=\"letter-spacing:2px\"><strong>PRENOTA DIRETTAMENTE<\/strong> I NOSTRI APPARTAMENTI<br><br><strong>SENZA COMMISSIONI DI BOOKING, AIRBNB<\/strong> O TERZE PARTI<\/p>\n\n\n\n<p class=\"has-text-align-center has-large-font-size wp-block-paragraph\" style=\"letter-spacing:20px\"><strong>CONVIENE<\/strong><\/p>\n<\/div>\n\n\n\n<div style=\"height:0px\" aria-hidden=\"true\" class=\"wp-block-spacer\"><\/div>\n\n\n\n<p class=\"has-text-align-center has-white-color has-text-color has-background has-link-color has-small-font-size wp-elements-3 wp-block-paragraph\" style=\"background-color:#0792e3c7;margin-top:0;margin-right:0;margin-bottom:0;margin-left:0;padding-top:0;padding-right:0;padding-bottom:0;padding-left:0;letter-spacing:2px;line-height:1.5\">Telefono e WhatsApp: +39 392 1389034 <br>e-mail: info@villabruna.net<\/p>\n\n\n\n<div style=\"height:29px\" aria-hidden=\"true\" class=\"wp-block-spacer\"><\/div>\n\n\n\n<div class=\"wp-block-group is-layout-constrained wp-block-group-is-layout-constrained\">\n<p class=\"has-text-align-center wp-block-paragraph\" style=\"letter-spacing:2px\"><strong>AVRAI LA CERTEZZA DELLA NOSTRA TARIFFA PI\u00d9 CONVENIENTE<\/strong><\/p>\n<\/div>\n\n\n\n<div style=\"height:62px\" aria-hidden=\"true\" class=\"wp-block-spacer\"><\/div>\n\n\n\n<div class=\"wp-block-cover alignwide is-light has-border-color has-link-color-border-color\" style=\"border-style:solid;border-width:1px;border-radius:9px;min-height:917px;aspect-ratio:unset;\"><span aria-hidden=\"true\" class=\"wp-block-cover__background has-medium-gray-background-color has-background-dim-20 has-background-dim\"><\/span><div class=\"wp-block-cover__inner-container is-layout-flow wp-block-cover-is-layout-flow\">\n<div class=\"wp-block-group is-layout-flow wp-block-group-is-layout-flow\">\n<div class=\"wp-block-columns is-layout-flex wp-container-core-columns-is-layout-7387b849 wp-block-columns-is-layout-flex\">\n<div class=\"wp-block-column is-layout-flow wp-block-column-is-layout-flow\">\n<h1 class=\"wp-block-heading has-text-align-center has-text-color\" style=\"color:#0063c0;margin-top:0;margin-bottom:0;font-size:45px;letter-spacing:4px\">Il Veliero 169<\/h1>\n\n\n\n<h2 class=\"wp-block-heading has-text-align-center has-text-color\" style=\"color:#0063c0;padding-top:0;padding-bottom:0;font-size:2rem;letter-spacing:1px\">&#8211; 2 camere da letto, 6 ospiti &#8211;<\/h2>\n\n\n\n<figure class=\"wp-block-image aligncenter size-large is-resized has-custom-border is-style-default\"><a href=\"https:\/\/www.velieri.net\/?page_id=18\" rel=\"appartame\"><img loading=\"lazy\" decoding=\"async\" width=\"2560\" height=\"1441\" src=\"https:\/\/www.velieri.net\/wp-content\/uploads\/2024\/01\/20230325_094201-edited-scaled.jpg\" alt=\"\" class=\"wp-image-659\" style=\"border-width:1px;border-radius:8px;width:579px;height:auto\" srcset=\"https:\/\/www.velieri.net\/wp-content\/uploads\/2024\/01\/20230325_094201-edited-scaled.jpg 2560w, https:\/\/www.velieri.net\/wp-content\/uploads\/2024\/01\/20230325_094201-edited-300x169.jpg 300w, https:\/\/www.velieri.net\/wp-content\/uploads\/2024\/01\/20230325_094201-edited-1024x576.jpg 1024w, https:\/\/www.velieri.net\/wp-content\/uploads\/2024\/01\/20230325_094201-edited-768x432.jpg 768w, https:\/\/www.velieri.net\/wp-content\/uploads\/2024\/01\/20230325_094201-edited-1536x864.jpg 1536w, https:\/\/www.velieri.net\/wp-content\/uploads\/2024\/01\/20230325_094201-edited-2048x1152.jpg 2048w\" sizes=\"auto, (max-width: 2560px) 100vw, 2560px\" \/><\/a><\/figure>\n\n\n\n<div style=\"height:24px\" aria-hidden=\"true\" class=\"wp-block-spacer\"><\/div>\n\n\n\n<p class=\"wp-block-paragraph\" style=\"line-height:1.6\">L&#8217;appartamento fronte mare &#8220;<strong>Il Veliero 169<\/strong>&#8221; si trova davanti alla pineta e alla spiaggia di Cesenatico. Situato al secondo piano di un condominio, \u201c<strong>Il Veliero 169<\/strong>\u201d \u00e8 stato completamente rinnovato e curato in ogni minimo dettaglio in stile marittimo, offrendo cos\u00ec un soggiorno tranquillo, confortevole e d\u2019atmosfera. L&#8217;alloggio, composto da sala da pranzo, angolo cottura, <strong>2 camere da letto<\/strong> (con un totale di 6 posti letto), bagno e ampio terrazzo vivibile, \u00e8 dotata di climatizzatore, lavatrice, asciugacapelli, TV, microonde, bollitore e connessione WIFI. Inoltre, \u00e8 disponibile un ascensore e un posto auto riservato.<br>La disposizione dei posti letto \u00e8 la seguente:<\/p>\n\n\n\n<ul class=\"wp-block-list\">\n<li style=\"line-height:1.6\">Camera con 4 posti letto: un letto matrimoniale e 1 letto a castello.<\/li>\n\n\n\n<li>Camera con 2 posti letto: due letti singoli.<\/li>\n<\/ul>\n\n\n\n<div class=\"wp-block-buttons is-content-justification-center is-layout-flex wp-container-core-buttons-is-layout-4b735586 wp-block-buttons-is-layout-flex\">\n<div class=\"wp-block-button\"><a class=\"wp-block-button__link wp-element-button\" href=\"https:\/\/www.velieri.net\/?page_id=18\">Info e prezzi<\/a><\/div>\n<\/div>\n\n\n\n<div style=\"height:15px\" aria-hidden=\"true\" class=\"wp-block-spacer\"><\/div>\n\n\n\n<figure class=\"wp-block-image aligncenter size-full is-resized\"><img loading=\"lazy\" decoding=\"async\" width=\"897\" height=\"138\" src=\"https:\/\/www.velieri.net\/wp-content\/uploads\/2024\/01\/SEPTRANS.gif\" alt=\"\" class=\"wp-image-689\" style=\"width:299px;height:auto\"\/><\/figure>\n\n\n\n<div style=\"height:15px\" aria-hidden=\"true\" class=\"wp-block-spacer\"><\/div>\n<\/div>\n\n\n\n<div class=\"wp-block-column is-layout-flow wp-block-column-is-layout-flow\">\n<h1 class=\"wp-block-heading has-text-align-center has-text-color\" style=\"color:#0063c0;margin-top:0;margin-bottom:0;font-size:45px;font-style:normal;letter-spacing:4px\">Il Veliero 04<\/h1>\n\n\n\n<h2 class=\"wp-block-heading has-text-align-center has-text-color\" style=\"color:#0063c0;padding-top:0;padding-right:0;padding-bottom:0;padding-left:0;font-size:2rem\">&#8211; 2 camere da letto, 6 ospiti &#8211;<\/h2>\n\n\n\n<figure class=\"wp-block-image aligncenter size-large is-resized has-custom-border is-style-default\"><a href=\"https:\/\/www.velieri.net\/?page_id=18\"><img loading=\"lazy\" decoding=\"async\" width=\"2560\" height=\"1440\" src=\"https:\/\/www.velieri.net\/wp-content\/uploads\/2024\/01\/04-edited-1-scaled.jpg\" alt=\"\" class=\"wp-image-657\" style=\"border-width:1px;border-radius:8px;width:600px\" srcset=\"https:\/\/www.velieri.net\/wp-content\/uploads\/2024\/01\/04-edited-1-scaled.jpg 2560w, https:\/\/www.velieri.net\/wp-content\/uploads\/2024\/01\/04-edited-1-300x169.jpg 300w, https:\/\/www.velieri.net\/wp-content\/uploads\/2024\/01\/04-edited-1-1024x576.jpg 1024w, https:\/\/www.velieri.net\/wp-content\/uploads\/2024\/01\/04-edited-1-768x432.jpg 768w, https:\/\/www.velieri.net\/wp-content\/uploads\/2024\/01\/04-edited-1-1536x864.jpg 1536w, https:\/\/www.velieri.net\/wp-content\/uploads\/2024\/01\/04-edited-1-2048x1152.jpg 2048w\" sizes=\"auto, (max-width: 2560px) 100vw, 2560px\" \/><\/a><\/figure>\n\n\n\n<div style=\"height:24px\" aria-hidden=\"true\" class=\"wp-block-spacer\"><\/div>\n\n\n\n<p class=\"wp-block-paragraph\" style=\"line-height:1.6\">L&#8217;appartamento fronte mare \u201c<strong>Il Veliero 04<\/strong>\u201d si trova davanti alla pineta e alla spiaggia di Cesenatico. Situato al terzo piano di un condominio, \u201c<strong>Il Veliero 04<\/strong>\u201d \u00e8 stato completamente rinnovato in stile elegante offrendo cos\u00ec un soggiorno tranquillo, confortevole e d\u2019atmosfera. L\u2019alloggio, composto da sala da pranzo, angolo cottura,&nbsp;<strong>2 camere da letto<\/strong>&nbsp;(con un totale di 6 posti letto), bagno e ampio terrazzo vivibile, \u00e8 dotata di climatizzatore, lavatrice, asciugacapelli, riscaldamento, bollitore, TV e connessione WIFI. Inoltre, \u00e8 disponibile un ascensore e un posto auto riservato.<br>La disposizione dei posti letto \u00e8 la seguente:<\/p>\n\n\n\n<ul class=\"wp-block-list\">\n<li style=\"line-height:1.6\">Camera con 4 posti letto: un letto matrimoniale e 1 letto a castello.<\/li>\n\n\n\n<li>Camera con 2 posti letto: due letti singoli.<\/li>\n<\/ul>\n\n\n\n<div class=\"wp-block-buttons is-content-justification-center is-layout-flex wp-container-core-buttons-is-layout-4b735586 wp-block-buttons-is-layout-flex\">\n<div class=\"wp-block-button\"><a class=\"wp-block-button__link wp-element-button\" href=\"https:\/\/www.velieri.net\/?page_id=18\">Info e prezzi<\/a><\/div>\n<\/div>\n\n\n\n<div style=\"height:15px\" aria-hidden=\"true\" class=\"wp-block-spacer\"><\/div>\n\n\n\n<figure class=\"wp-block-image aligncenter size-full is-resized\"><img loading=\"lazy\" decoding=\"async\" width=\"897\" height=\"138\" src=\"https:\/\/www.velieri.net\/wp-content\/uploads\/2024\/01\/SEPTRANS.gif\" alt=\"\" class=\"wp-image-689\" style=\"width:299px;height:auto\"\/><\/figure>\n\n\n\n<div style=\"height:15px\" aria-hidden=\"true\" class=\"wp-block-spacer\"><\/div>\n<\/div>\n<\/div>\n<\/div>\n\n\n\n<div class=\"wp-block-group is-layout-flow wp-block-group-is-layout-flow\">\n<div class=\"wp-block-columns is-layout-flex wp-container-core-columns-is-layout-7387b849 wp-block-columns-is-layout-flex\">\n<div class=\"wp-block-column is-layout-flow wp-block-column-is-layout-flow\">\n<h1 class=\"wp-block-heading has-text-align-center has-text-color\" style=\"color:#0063c0;margin-top:0;margin-bottom:0;font-size:45px;letter-spacing:4px\">Il Veliero 71<\/h1>\n\n\n\n<h2 class=\"wp-block-heading has-text-align-center has-text-color\" style=\"color:#0063c0;padding-top:0;padding-bottom:0;font-size:2rem;letter-spacing:1px\">&#8211; 2 camere da letto, 6 ospiti &#8211;<\/h2>\n\n\n\n<figure class=\"wp-block-image aligncenter size-full is-resized has-custom-border is-style-default\"><a href=\"https:\/\/www.velieri.net\/?page_id=18\"><img loading=\"lazy\" decoding=\"async\" width=\"2560\" height=\"1404\" src=\"https:\/\/www.velieri.net\/wp-content\/uploads\/2024\/03\/soggiono01-scaled.jpg\" alt=\"\" class=\"wp-image-898\" style=\"border-width:1px;border-radius:8px;width:614px;height:auto\" srcset=\"https:\/\/www.velieri.net\/wp-content\/uploads\/2024\/03\/soggiono01-scaled.jpg 2560w, https:\/\/www.velieri.net\/wp-content\/uploads\/2024\/03\/soggiono01-300x165.jpg 300w, https:\/\/www.velieri.net\/wp-content\/uploads\/2024\/03\/soggiono01-1024x562.jpg 1024w, https:\/\/www.velieri.net\/wp-content\/uploads\/2024\/03\/soggiono01-768x421.jpg 768w, https:\/\/www.velieri.net\/wp-content\/uploads\/2024\/03\/soggiono01-1536x843.jpg 1536w, https:\/\/www.velieri.net\/wp-content\/uploads\/2024\/03\/soggiono01-2048x1123.jpg 2048w\" sizes=\"auto, (max-width: 2560px) 100vw, 2560px\" \/><\/a><\/figure>\n\n\n\n<div style=\"height:24px\" aria-hidden=\"true\" class=\"wp-block-spacer\"><\/div>\n\n\n\n<p class=\"wp-block-paragraph\" style=\"line-height:1.6\">L&#8217;appartamento fronte mare &#8220;<strong>Il Veliero 71<\/strong>&#8221; si trova davanti alla alla pineta e alla spiaggia di Cesenatico. Situato al primo piano di un condominio, \u201c<strong>Il Veliero 71<\/strong>\u201d \u00e8 stato completamente rinnovato e curato in ogni minimo dettaglio in stile marittimo, offrendo cos\u00ec un soggiorno tranquillo, confortevole e d\u2019atmosfera. L&#8217;alloggio, composto da sala da pranzo, angolo cottura, <strong>2 camere da letto<\/strong> (con un totale di 6 posti letto), bagno e ampio terrazzo vivibile, \u00e8 dotata di climatizzatore, asciugacapelli, TV, microonde, bollitore e connessione WIFI. Inoltre, \u00e8 disponibile un ascensore e un posto auto riservato.<br>La disposizione dei posti letto \u00e8 la seguente:<\/p>\n\n\n\n<ul class=\"wp-block-list\">\n<li style=\"line-height:1.6\">Camera con 4 posti letto: un letto matrimoniale e 1 letto a castello.<\/li>\n\n\n\n<li>Camera con 2 posti letto: due letti singoli.<\/li>\n<\/ul>\n\n\n\n<div class=\"wp-block-buttons is-content-justification-center is-layout-flex wp-container-core-buttons-is-layout-4b735586 wp-block-buttons-is-layout-flex\">\n<div class=\"wp-block-button\"><a class=\"wp-block-button__link wp-element-button\" href=\"https:\/\/www.velieri.net\/?page_id=18\">Info e prezzi<\/a><\/div>\n<\/div>\n\n\n\n<div style=\"height:5px\" aria-hidden=\"true\" class=\"wp-block-spacer\"><\/div>\n<\/div>\n\n\n\n<div class=\"wp-block-column is-layout-flow wp-block-column-is-layout-flow\">\n<h1 class=\"wp-block-heading has-text-align-center has-text-color\" style=\"color:#0063c0;margin-top:0;margin-bottom:0;font-size:45px;letter-spacing:4px\">Il Veliero 08<\/h1>\n\n\n\n<h2 class=\"wp-block-heading has-text-align-center has-text-color\" style=\"color:#0063c0;padding-top:0;padding-bottom:0;font-size:2rem;letter-spacing:1px\">&#8211; 1 camera da letto, 4 ospiti &#8211;<\/h2>\n\n\n\n<figure class=\"wp-block-image aligncenter size-full is-resized has-custom-border is-style-default\"><a href=\"https:\/\/www.velieri.net\/?page_id=18\"><img loading=\"lazy\" decoding=\"async\" width=\"2560\" height=\"1440\" src=\"https:\/\/www.velieri.net\/wp-content\/uploads\/2024\/01\/20230314_090144-edited-2-scaled.jpg\" alt=\"\" class=\"wp-image-658\" style=\"border-width:1px;border-radius:8px;width:600px\" srcset=\"https:\/\/www.velieri.net\/wp-content\/uploads\/2024\/01\/20230314_090144-edited-2-scaled.jpg 2560w, https:\/\/www.velieri.net\/wp-content\/uploads\/2024\/01\/20230314_090144-edited-2-300x169.jpg 300w, https:\/\/www.velieri.net\/wp-content\/uploads\/2024\/01\/20230314_090144-edited-2-1024x576.jpg 1024w, https:\/\/www.velieri.net\/wp-content\/uploads\/2024\/01\/20230314_090144-edited-2-768x432.jpg 768w, https:\/\/www.velieri.net\/wp-content\/uploads\/2024\/01\/20230314_090144-edited-2-1536x864.jpg 1536w, https:\/\/www.velieri.net\/wp-content\/uploads\/2024\/01\/20230314_090144-edited-2-2048x1152.jpg 2048w\" sizes=\"auto, (max-width: 2560px) 100vw, 2560px\" \/><\/a><\/figure>\n\n\n\n<div style=\"height:24px\" aria-hidden=\"true\" class=\"wp-block-spacer\"><\/div>\n\n\n\n<p class=\"wp-block-paragraph\" style=\"line-height:1.6\">L\u2019appartamento \u201c<strong>Il Veliero 08<\/strong>\u201d si trova a pochi passi dal mare, vicino alla pineta e alla spiaggia di Cesenatico. Situato al quinto piano di un condominio, \u201c<strong>Il Veliero 08<\/strong>\u201d \u00e8 stato completamente rinnovato in stile elegante offrendo cos\u00ec un soggiorno tranquillo, confortevole e d\u2019atmosfera. L\u2019alloggio, composto da sala da pranzo, angolo cottura,&nbsp;<strong>1 camera da letto<\/strong>&nbsp;(con un totale di 4 posti letto), bagno e ampio terrazzo vivibile, \u00e8 dotata di climatizzatore, asciugacapelli, lavatrice, riscaldamento, TV. Inoltre, \u00e8 disponibile un ascensore e un posto auto riservato.<br>La disposizione dei posti letto \u00e8 la seguente:<\/p>\n\n\n\n<ul class=\"wp-block-list\">\n<li style=\"line-height:1.6\">Camera con 4 posti letto: un letto matrimoniale e 1 letto a castello.<\/li>\n<\/ul>\n\n\n\n<div style=\"height:5px\" aria-hidden=\"true\" class=\"wp-block-spacer\"><\/div>\n\n\n\n<div class=\"wp-block-buttons is-content-justification-center is-layout-flex wp-container-core-buttons-is-layout-3e41869c wp-block-buttons-is-layout-flex\">\n<div class=\"wp-block-button\"><a class=\"wp-block-button__link wp-element-button\" href=\"https:\/\/www.velieri.net\/?page_id=18\">Info e prezzi<\/a><\/div>\n<\/div>\n\n\n\n<div style=\"height:14px\" aria-hidden=\"true\" class=\"wp-block-spacer\"><\/div>\n<\/div>\n<\/div>\n<\/div>\n<\/div><\/div>\n\n\n\n<div style=\"height:51px\" aria-hidden=\"true\" class=\"wp-block-spacer\"><\/div>\n\n\n\n<figure class=\"wp-block-image aligncenter size-full is-resized\"><img loading=\"lazy\" decoding=\"async\" width=\"642\" height=\"734\" src=\"https:\/\/www.velieri.net\/wp-content\/uploads\/2024\/01\/Logo.png\" alt=\"\" class=\"wp-image-661\" style=\"width:120px\" srcset=\"https:\/\/www.velieri.net\/wp-content\/uploads\/2024\/01\/Logo.png 642w, https:\/\/www.velieri.net\/wp-content\/uploads\/2024\/01\/Logo-262x300.png 262w\" sizes=\"auto, (max-width: 642px) 100vw, 642px\" \/><\/figure>\n","protected":false},"excerpt":{"rendered":"<p>PRENOTA DIRETTAMENTE I NOSTRI APPARTAMENTI SENZA COMMISSIONI DI BOOKING, AIRBNB O TERZE PARTI CONVIENE Telefono e WhatsApp: +39 392 1389034 e-mail: info@villabruna.net AVRAI LA CERTEZZA DELLA NOSTRA TARIFFA PI\u00d9 CONVENIENTE<\/p>\n","protected":false},"author":1,"featured_media":0,"parent":0,"menu_order":0,"comment_status":"closed","ping_status":"closed","template":"page-templates\/menu-trasparent.php","meta":{"footnotes":""},"class_list":["post-14","page","type-page","status-publish","hentry"],"_links":{"self":[{"href":"https:\/\/www.velieri.net\/index.php?rest_route=\/wp\/v2\/pages\/14","targetHints":{"allow":["GET"]}}],"collection":[{"href":"https:\/\/www.velieri.net\/index.php?rest_route=\/wp\/v2\/pages"}],"about":[{"href":"https:\/\/www.velieri.net\/index.php?rest_route=\/wp\/v2\/types\/page"}],"author":[{"embeddable":true,"href":"https:\/\/www.velieri.net\/index.php?rest_route=\/wp\/v2\/users\/1"}],"replies":[{"embeddable":true,"href":"https:\/\/www.velieri.net\/index.php?rest_route=%2Fwp%2Fv2%2Fcomments&post=14"}],"version-history":[{"count":129,"href":"https:\/\/www.velieri.net\/index.php?rest_route=\/wp\/v2\/pages\/14\/revisions"}],"predecessor-version":[{"id":966,"href":"https:\/\/www.velieri.net\/index.php?rest_route=\/wp\/v2\/pages\/14\/revisions\/966"}],"wp:attachment":[{"href":"https:\/\/www.velieri.net\/index.php?rest_route=%2Fwp%2Fv2%2Fmedia&parent=14"}],"curies":[{"name":"wp","href":"https:\/\/api.w.org\/{rel}","templated":true}]}}